{"id":2413,"date":"2026-04-06T20:12:51","date_gmt":"2026-04-06T20:12:51","guid":{"rendered":"https:\/\/kerouzere.fr\/picasso-the-exhibition\/"},"modified":"2026-04-29T14:45:10","modified_gmt":"2026-04-29T14:45:10","slug":"picasso-the-exhibition","status":"publish","type":"page","link":"https:\/\/kerouzere.fr\/en\/picasso-the-exhibition\/","title":{"rendered":"Picasso : The exhibition"},"content":{"rendered":"<p>[et_pb_section fb_built=&#8221;1&#8243; admin_label=&#8221;Hero&#8221; _builder_version=&#8221;4.25.1&#8243; _module_preset=&#8221;74c69059-8e69-4122-b1e6-dfeabf6c5711&#8243; background_color=&#8221;RGBA(255,255,255,0)&#8221; background_enable_image=&#8221;off&#8221; custom_margin=&#8221;||23px|||&#8221; custom_padding=&#8221;30px||0px||false|false&#8221; bottom_divider_height=&#8221;7vw&#8221; bottom_divider_flip=&#8221;horizontal&#8221; locked=&#8221;off&#8221; collapsed=&#8221;on&#8221; global_colors_info=&#8221;{}&#8221;][et_pb_row _builder_version=&#8221;4.25.1&#8243; _module_preset=&#8221;5138c454-be54-4233-bd3b-f8e6a8747976&#8243; custom_padding=&#8221;2px||0px|||&#8221; custom_css_main_element=&#8221;text-align:center;&#8221; locked=&#8221;off&#8221; global_colors_info=&#8221;{}&#8221;][et_pb_column type=&#8221;4_4&#8243; _builder_version=&#8221;4.16&#8243; _module_preset=&#8221;73121f80-a3ef-4484-8763-c3f18e3c56d2&#8243; global_colors_info=&#8221;{}&#8221;][et_pb_text _builder_version=&#8221;4.27.5&#8243; _module_preset=&#8221;default&#8221; header_text_align=&#8221;center&#8221; header_text_color=&#8221;#0F404C&#8221; global_colors_info=&#8221;{}&#8221;]<\/p>\n<h1>Pablo Picasso&#8230; interwined destinies<\/h1>\n<p>[\/et_pb_text][\/et_pb_column][\/et_pb_row][et_pb_row _builder_version=&#8221;4.25.1&#8243; _module_preset=&#8221;5138c454-be54-4233-bd3b-f8e6a8747976&#8243; custom_padding=&#8221;2px||0px|||&#8221; custom_css_main_element=&#8221;text-align:center;&#8221; locked=&#8221;off&#8221; global_colors_info=&#8221;{}&#8221;][et_pb_column type=&#8221;4_4&#8243; _builder_version=&#8221;4.16&#8243; _module_preset=&#8221;73121f80-a3ef-4484-8763-c3f18e3c56d2&#8243; global_colors_info=&#8221;{}&#8221;][et_pb_text _builder_version=&#8221;4.27.5&#8243; _module_preset=&#8221;default&#8221; text_font_size=&#8221;15px&#8221; header_text_align=&#8221;center&#8221; header_text_color=&#8221;#0F404C&#8221; header_font_size=&#8221;36px&#8221; header_2_font=&#8221;||on||||||&#8221; header_2_text_align=&#8221;center&#8221; header_2_font_size=&#8221;33px&#8221; min_height=&#8221;40px&#8221; global_colors_info=&#8221;{}&#8221;]<\/p>\n<h2>Picasso&#8217;s ceramics<\/h2>\n<p>[\/et_pb_text][\/et_pb_column][\/et_pb_row][et_pb_row _builder_version=&#8221;4.25.1&#8243; _module_preset=&#8221;5138c454-be54-4233-bd3b-f8e6a8747976&#8243; custom_padding=&#8221;2px||0px|||&#8221; custom_css_main_element=&#8221;text-align:center;&#8221; locked=&#8221;off&#8221; global_colors_info=&#8221;{}&#8221;][et_pb_column type=&#8221;4_4&#8243; _builder_version=&#8221;4.16&#8243; _module_preset=&#8221;73121f80-a3ef-4484-8763-c3f18e3c56d2&#8243; global_colors_info=&#8221;{}&#8221;][et_pb_text _builder_version=&#8221;4.27.5&#8243; _module_preset=&#8221;default&#8221; text_font_size=&#8221;21px&#8221; header_text_align=&#8221;center&#8221; header_text_color=&#8221;#0F404C&#8221; header_font_size=&#8221;36px&#8221; header_2_font=&#8221;||on||||||&#8221; header_2_text_align=&#8221;center&#8221; header_2_font_size=&#8221;33px&#8221; header_3_font_size=&#8221;18px&#8221; min_height=&#8221;40px&#8221; global_colors_info=&#8221;{}&#8221;]<\/p>\n<p style=\"text-align: center;\"><strong>Exceptional exhibition, from May 13 to November 29, 2026<\/strong><\/p>\n<p>[\/et_pb_text][et_pb_button button_url=&#8221;https:\/\/kerouzere.fr\/en\/opening-hours-and-prices\/&#8221; button_text=&#8221;Opening Hours and Prices&#8221; _builder_version=&#8221;4.25.1&#8243; _module_preset=&#8221;default&#8221; global_colors_info=&#8221;{}&#8221;][\/et_pb_button][\/et_pb_column][\/et_pb_row][\/et_pb_section][et_pb_section fb_built=&#8221;1&#8243; admin_label=&#8221;Text&#8221; module_id=&#8221;opening hours&#8221; _builder_version=&#8221;4.25.1&#8243; _module_preset=&#8221;default&#8221; custom_padding=&#8221;29px|||||&#8221; locked=&#8221;off&#8221; collapsed=&#8221;on&#8221; global_colors_info=&#8221;{}&#8221;][et_pb_row column_structure=&#8221;1_2,1_2&#8243; use_custom_gutter=&#8221;on&#8221; make_equal=&#8221;on&#8221; _builder_version=&#8221;4.25.1&#8243; _module_preset=&#8221;5138c454-be54-4233-bd3b-f8e6a8747976&#8243; custom_margin=&#8221;||10px||false|false&#8221; custom_padding=&#8221;0px|||||&#8221; global_colors_info=&#8221;{}&#8221;][et_pb_column type=&#8221;1_2&#8243; _builder_version=&#8221;4.25.1&#8243; _module_preset=&#8221;73121f80-a3ef-4484-8763-c3f18e3c56d2&#8243; custom_padding=&#8221;||||true|true&#8221; global_colors_info=&#8221;{}&#8221;][et_pb_blurb title=&#8221;What is it?&#8221; content_max_width=&#8221;100%&#8221; _builder_version=&#8221;4.27.5&#8243; _module_preset=&#8221;default&#8221; header_level=&#8221;h2&#8243; header_font_size=&#8221;28px&#8221; custom_margin=&#8221;||-2px|||&#8221; custom_padding=&#8221;30px|20px|30px|20px|true|true&#8221; custom_css_blurb_title=&#8221;margin-bottom:20px&#8221; box_shadow_style=&#8221;preset1&#8243; box_shadow_color=&#8221;rgba(0,0,0,0.17)&#8221; global_colors_info=&#8221;{}&#8221;]<\/p>\n<p><em>Following the huge success of its first exhibition on Leonardo da Vinci in 2025, the Ch\u00e2teau de Kerouz\u00e9r\u00e9 is this year hosting an exhibition dedicated to one of the greatest artists of the 20th century: Pablo Picasso. This exhibition explores a lesser-known aspect of the artist\u2019s work: his creative output in the fields of graphic art, ceramics, photography and book illustration. <\/em><\/p>\n<p><em>From 13 May to 29 November 2026, come and discover this exceptional exhibition featuring original works by the artist. You will also find works by Joan Mir\u00f3, Salvador Dal\u00ed and Dora Maar. <\/em><\/p>\n<p><em><\/em><\/p>\n<p><span style=\"text-decoration: underline;\">The exhibition programme includes:<\/span><\/p>\n<p><span style=\"font-size: 16px;\">\ud83d\uddbc\ufe0fNearly <strong>80 works<\/strong> by <b>Pablo Picasso<\/b>, displayed throughout the main rooms open to visitors at the Ch\u00e2teau<\/span><\/p>\n<p>\ud83e\uddd1\u200d\ud83c\udfa8A <b>unique<\/b> exhibition showcasing a lesser-known side of Picasso: the ceramist, illustrator, engraver, lithographer, and more&#8230;<\/p>\n<p>\ud83c\udffaNearly <span style=\"font-size: 16px;\">30 original<\/span> <strong>ceramic <\/strong>pieces created at the Madoura studio in Vallauris: from plates to exceptional vases<\/p>\n<p>\ud83e\udd47This exhibition will be shown <strong>in Brittany <\/strong>for the <strong>first time<\/strong>, following stops in Italy, Turkey, Belgium and Luxembourg<\/p>\n<p>\ud83d\udc68\u200d\ud83d\udc69\u200d\ud83d\udc67\u200d\ud83d\udc66An activity <strong>suitable for schoolchildren<\/strong>, with two teaching packs (for primary and secondary schools)<\/p>\n<p><span style=\"font-size: 16px;\"><em>\ud83d\ude80<\/em>Works centred around <strong>six main themes<\/strong>: <strong>creative genius<\/strong>, <strong>Spain<\/strong>, <strong>women<\/strong>, <strong>ceramics<\/strong>, <strong>graphic arts <\/strong>and, finally, <b>photography<\/b><\/span><\/p>\n<p>\ud83e\udd29An <strong>unforgettable experience <\/strong>offered throughout the <strong>standard tour <\/strong>of Kerouz\u00e9r\u00e9 Castle, a new <strong>must-visit attraction in northern Finist\u00e8re<\/strong><\/p>\n<p><span style=\"font-size: 16px;\"><\/span><\/p>\n<p>[\/et_pb_blurb][\/et_pb_column][et_pb_column type=&#8221;1_2&#8243; _builder_version=&#8221;4.25.1&#8243; _module_preset=&#8221;73121f80-a3ef-4484-8763-c3f18e3c56d2&#8243; background_enable_image=&#8221;off&#8221; custom_padding=&#8221;||||true|true&#8221; global_colors_info=&#8221;{}&#8221;][et_pb_image src=&#8221;https:\/\/kerouzere.fr\/wp-content\/uploads\/2026\/03\/Affiche-Picasso-def-light.jpg&#8221; alt=&#8221;Affiche Picasso Def Light&#8221; title_text=&#8221;Affiche Picasso Def Light&#8221; _builder_version=&#8221;4.27.5&#8243; _module_preset=&#8221;default&#8221; global_colors_info=&#8221;{}&#8221;][\/et_pb_image][\/et_pb_column][\/et_pb_row][et_pb_row column_structure=&#8221;1_2,1_2&#8243; use_custom_gutter=&#8221;on&#8221; _builder_version=&#8221;4.25.1&#8243; _module_preset=&#8221;5138c454-be54-4233-bd3b-f8e6a8747976&#8243; custom_padding=&#8221;0px||0px|||&#8221; global_colors_info=&#8221;{}&#8221;][et_pb_column type=&#8221;1_2&#8243; _builder_version=&#8221;4.25.1&#8243; _module_preset=&#8221;73121f80-a3ef-4484-8763-c3f18e3c56d2&#8243; custom_padding=&#8221;||||true|true&#8221; global_colors_info=&#8221;{}&#8221;][et_pb_image src=&#8221;https:\/\/kerouzere.fr\/wp-content\/uploads\/2024\/05\/trait-dore-4x.png&#8221; alt=&#8221;dore line-4x&#8221; title_text=&#8221;dore line-4x&#8221; _builder_version=&#8221;4.25.1&#8243; _module_preset=&#8221;c111bde7-f442-4e9f-b749-6d33d4a161aa&#8221; global_colors_info=&#8221;{}&#8221;][\/et_pb_image][et_pb_blurb title=&#8221;When?&#8221; content_max_width=&#8221;100%&#8221; _builder_version=&#8221;4.27.5&#8243; _module_preset=&#8221;default&#8221; header_level=&#8221;h1&#8243; custom_margin=&#8221;40px||40px||false|false&#8221; custom_padding=&#8221;30px|20px|30px|20px|true|true&#8221; custom_css_blurb_title=&#8221;margin-bottom:20px&#8221; box_shadow_style=&#8221;preset1&#8243; box_shadow_color=&#8221;rgba(0,0,0,0.17)&#8221; global_colors_info=&#8221;{}&#8221;]<\/p>\n<ul>\n<li><strong>From May 13 to Novembre 29 2026<\/strong><\/li>\n<li>See Opening hours and Pricing page for detail on Opening hours<\/li>\n<\/ul>\n<p>[\/et_pb_blurb][\/et_pb_column][et_pb_column type=&#8221;1_2&#8243; _builder_version=&#8221;4.25.1&#8243; _module_preset=&#8221;73121f80-a3ef-4484-8763-c3f18e3c56d2&#8243; custom_padding=&#8221;||||true|true&#8221; global_colors_info=&#8221;{}&#8221;][et_pb_image src=&#8221;https:\/\/kerouzere.fr\/wp-content\/uploads\/2024\/05\/trait-dore-4x.png&#8221; alt=&#8221;dore line-4x&#8221; title_text=&#8221;dore line-4x&#8221; _builder_version=&#8221;4.25.1&#8243; _module_preset=&#8221;c111bde7-f442-4e9f-b749-6d33d4a161aa&#8221; global_colors_info=&#8221;{}&#8221;][\/et_pb_image][et_pb_blurb title=&#8221;Pricing&#8221; content_max_width=&#8221;100%&#8221; _builder_version=&#8221;4.25.1&#8243; _module_preset=&#8221;default&#8221; header_level=&#8221;h1&#8243; header_text_align=&#8221;left&#8221; body_text_align=&#8221;left&#8221; width_tablet=&#8221;&#8221; width_phone=&#8221;&#8221; width_last_edited=&#8221;on|desktop&#8221; module_alignment=&#8221;left&#8221; min_height=&#8221;196.8px&#8221; custom_margin=&#8221;40px||40px||false|false&#8221; custom_padding=&#8221;30px|20px|30px|20px|true|true&#8221; custom_css_blurb_title=&#8221;margin-bottom:20px&#8221; box_shadow_style=&#8221;preset1&#8243; box_shadow_color=&#8221;rgba(0,0,0,0.17)&#8221; global_colors_info=&#8221;{}&#8221;]<\/p>\n<ul>\n<li>See Opening Hours and Prices page<\/li>\n<\/ul>\n<p><span style=\"font-size: 16px;\"><strong><\/strong><\/span><\/p>\n<p>[\/et_pb_blurb][\/et_pb_column][\/et_pb_row][et_pb_row _builder_version=&#8221;4.25.1&#8243; _module_preset=&#8221;default&#8221; global_colors_info=&#8221;{}&#8221;][et_pb_column type=&#8221;4_4&#8243; _builder_version=&#8221;4.25.1&#8243; _module_preset=&#8221;default&#8221; global_colors_info=&#8221;{}&#8221;][et_pb_button button_url=&#8221;https:\/\/kerouzere.fr\/en\/opening-hours-and-prices\/&#8221; button_text=&#8221;Opening Hours and Prices&#8221; button_alignment=&#8221;center&#8221; _builder_version=&#8221;4.25.1&#8243; _module_preset=&#8221;default&#8221; global_colors_info=&#8221;{}&#8221;][\/et_pb_button][et_pb_blurb title=&#8221;Find out more&#8230;&#8221; content_max_width=&#8221;100%&#8221; _builder_version=&#8221;4.27.6&#8243; _module_preset=&#8221;default&#8221; header_level=&#8221;h2&#8243; header_font_size=&#8221;28px&#8221; custom_margin=&#8221;||-2px|||&#8221; custom_padding=&#8221;30px|20px|30px|20px|true|true&#8221; hover_enabled=&#8221;0&#8243; custom_css_blurb_title=&#8221;margin-bottom:20px&#8221; box_shadow_style=&#8221;preset1&#8243; box_shadow_color=&#8221;rgba(0,0,0,0.17)&#8221; global_colors_info=&#8221;{}&#8221; sticky_enabled=&#8221;0&#8243;]<\/p>\n<p class=\"x_MsoNormal\"><span data-olk-copy-source=\"MessageBody\">At Kerouz\u00e9r\u00e9 Castle in Sibiril (Northern Finist\u00e8re), art history comes to life. With the exhibition \u2018Picasso \u2013 Intertwined Destinies\u2019, visitors are invited to step into the rich and vibrant world of one of the 20th century\u2019s greatest artists<\/span><span>: Pablo Picasso. Here, the exhibition sheds light on a little-known aspect of Pablo Picasso: his penchant for experimentation beyond painting. It explores his work in graphic arts, photography, ceramics and illustration, revealing an artist with a thirst for innovation and formal freedom. <\/span><\/p>\n<p class=\"x_MsoNormal\"><span>Painter, printmaker, illustrator, photographer, ceramicist\u2026 Picasso never ceased to explore new artistic frontiers. True to his famous motto \u2014 learning by doing what he did not yet know how to do \u2014 he turned every technique into a field of experimentation. Engraving, lithography, linocut, ceramics or photography: so many forms of expression that he mastered with extraordinary freedom. <\/span><\/p>\n<p class=\"x_MsoNormal\"><span>Picasso is not alone. The exhibition reveals the \u2018intertwined destinies\u2019, encounters, influences and artistic dialogues that shaped his work and that of his contemporaries. Other major figures of the avant-garde revolve around Picasso: Joan Mir\u00f3, Salvador Dal\u00ed and the photographer Dora Maar. Amidst fascination, rivalry, friendship and mutual influences, their paths cross in the vibrant Paris of the avant-garde years. Together, they help to redefine the boundaries of modern art. <\/span><\/p>\n<p class=\"x_MsoNormal\"><span>The exhibition features nearly 30 original ceramic works and also sheds light on a little-known aspect of Picasso\u2019s life: his immersion in the world of ceramics in Vallauris, particularly at the Madoura studio, where he collaborated with craftsmen to create works of remarkable formal audacity \u2014 sculpted faces, owls, plates and jugs all becoming canvases for his creativity.<\/span><\/p>\n<p class=\"x_MsoNormal\"><span>More than just an exhibition, \u2018Picasso \u2013 Crossed Paths\u2019 is an exploration of an artistic constellation where creative genius, friendships, passions and clashes intertwine. Through works of art, documents and exchanges between artists, it reveals how major artistic revolutions often arise from unexpected encounters. <\/span><\/p>\n<p class=\"x_MsoNormal\"><span>At Kerouz\u00e9r\u00e9 Castle, visitors discover an unexpected side to Picasso: curious, daring, insatiable \u2014 an artist for whom every work was a new adventure.<\/span><\/p>\n<p>[\/et_pb_blurb][\/et_pb_column][\/et_pb_row][\/et_pb_section]<\/p>\n","protected":false},"excerpt":{"rendered":"<p>Pablo Picasso&#8230; interwined destiniesPicasso&#8217;s ceramicsExceptional exhibition, from May 13 to November 29, 2026Following the huge success of its first exhibition on Leonardo da Vinci in 2025, the Ch\u00e2teau de Kerouz\u00e9r\u00e9 is this year hosting an exhibition dedicated to one of the greatest artists of the 20th century: Pablo Picasso. This exhibition explores a lesser-known aspect [&hellip;]<\/p>\n","protected":false},"author":2,"featured_media":0,"parent":0,"menu_order":0,"comment_status":"closed","ping_status":"closed","template":"","meta":{"_et_pb_use_builder":"on","_et_pb_old_content":"","_et_gb_content_width":"","footnotes":""},"class_list":["post-2413","page","type-page","status-publish","hentry"],"_links":{"self":[{"href":"https:\/\/kerouzere.fr\/en\/wp-json\/wp\/v2\/pages\/2413","targetHints":{"allow":["GET"]}}],"collection":[{"href":"https:\/\/kerouzere.fr\/en\/wp-json\/wp\/v2\/pages"}],"about":[{"href":"https:\/\/kerouzere.fr\/en\/wp-json\/wp\/v2\/types\/page"}],"author":[{"embeddable":true,"href":"https:\/\/kerouzere.fr\/en\/wp-json\/wp\/v2\/users\/2"}],"replies":[{"embeddable":true,"href":"https:\/\/kerouzere.fr\/en\/wp-json\/wp\/v2\/comments?post=2413"}],"version-history":[{"count":6,"href":"https:\/\/kerouzere.fr\/en\/wp-json\/wp\/v2\/pages\/2413\/revisions"}],"predecessor-version":[{"id":2420,"href":"https:\/\/kerouzere.fr\/en\/wp-json\/wp\/v2\/pages\/2413\/revisions\/2420"}],"wp:attachment":[{"href":"https:\/\/kerouzere.fr\/en\/wp-json\/wp\/v2\/media?parent=2413"}],"curies":[{"name":"wp","href":"https:\/\/api.w.org\/{rel}","templated":true}]}}